{"id":60,"date":"2022-11-30T16:17:32","date_gmt":"2022-11-30T16:17:32","guid":{"rendered":"http:\/\/www.lacasadelbacallamanresa.es\/?page_id=60"},"modified":"2023-01-10T10:09:16","modified_gmt":"2023-01-10T10:09:16","slug":"la-nostra-historia","status":"publish","type":"page","link":"http:\/\/www.lacasadelbacallamanresa.es\/?page_id=60","title":{"rendered":"La nostra hist\u00f2ria"},"content":{"rendered":"\n<p class=\"has-text-align-center\"><strong>Cinc generacions tallant bacall\u00e0 al Carrer Sant Miquel<\/strong><\/p>\n\n\n\n<p>La Casa del Bacall\u00e0 ha anat creixent amb Manresa i poc a poc modernitzant-se sense perdre mai de vista el valor pel tradicional i pels detalls. Fa m\u00e9s de 100 anys que la mateixa fam\u00edlia pugem la persiana d&#8217;aquest petit establiment comercial.<\/p>\n\n\n\n<div class=\"wp-block-columns is-layout-flex wp-container-core-columns-is-layout-9d6595d7 wp-block-columns-is-layout-flex\">\n<div class=\"wp-block-column is-layout-flow wp-block-column-is-layout-flow\">\n<p class=\"has-text-align-left\">Vam obrir les portes l&#8217;any 1917. El dia 24 d&#8217;octubre de 1916 en Baltasar Cornet Centellas i la Maria Sol\u00e9 Salat van casar-se, ella venia d&#8217;una fam\u00edlia de bacallaners, els seus germans Agust\u00ed (1879-1958) i Isidre (1881-1946) tamb\u00e9 tenien dos negocis de pesca salada a Manresa. Pel que s&#8217;explicava a casa, tant la Maria com el Baltasar es van casar estant malalts, ell moria el 3 de setembre de 1918, amb 30 anys, i ella el 8 de gener de 1923, amb 39 anys.<\/p>\n<\/div>\n\n\n\n<div class=\"wp-block-column is-layout-flow wp-block-column-is-layout-flow\">\n<figure class=\"wp-block-image size-full is-style-default\"><img loading=\"lazy\" decoding=\"async\" width=\"1825\" height=\"2560\" src=\"http:\/\/www.lacasadelbacallamanresa.es\/wp-content\/uploads\/2022\/12\/1916-10-24.-Manresa.-Baltasar-Cornet-Centellas-i-Maria-Soler-Salat-2-scaled.jpg\" alt=\"\" class=\"wp-image-93\" srcset=\"http:\/\/www.lacasadelbacallamanresa.es\/wp-content\/uploads\/2022\/12\/1916-10-24.-Manresa.-Baltasar-Cornet-Centellas-i-Maria-Soler-Salat-2-scaled.jpg 1825w, http:\/\/www.lacasadelbacallamanresa.es\/wp-content\/uploads\/2022\/12\/1916-10-24.-Manresa.-Baltasar-Cornet-Centellas-i-Maria-Soler-Salat-2-214x300.jpg 214w, http:\/\/www.lacasadelbacallamanresa.es\/wp-content\/uploads\/2022\/12\/1916-10-24.-Manresa.-Baltasar-Cornet-Centellas-i-Maria-Soler-Salat-2-730x1024.jpg 730w, http:\/\/www.lacasadelbacallamanresa.es\/wp-content\/uploads\/2022\/12\/1916-10-24.-Manresa.-Baltasar-Cornet-Centellas-i-Maria-Soler-Salat-2-768x1077.jpg 768w, http:\/\/www.lacasadelbacallamanresa.es\/wp-content\/uploads\/2022\/12\/1916-10-24.-Manresa.-Baltasar-Cornet-Centellas-i-Maria-Soler-Salat-2-1095x1536.jpg 1095w, http:\/\/www.lacasadelbacallamanresa.es\/wp-content\/uploads\/2022\/12\/1916-10-24.-Manresa.-Baltasar-Cornet-Centellas-i-Maria-Soler-Salat-2-1460x2048.jpg 1460w\" sizes=\"auto, (max-width: 767px) 89vw, (max-width: 1000px) 54vw, (max-width: 1071px) 543px, 580px\" \/><figcaption class=\"wp-element-caption\"><em>Baltasar Cornet Centellas i Maria Sol\u00e9 Salat, 1916.<\/em><\/figcaption><\/figure>\n<\/div>\n<\/div>\n\n\n\n<figure class=\"wp-block-image size-large\"><img loading=\"lazy\" decoding=\"async\" width=\"729\" height=\"1024\" src=\"http:\/\/www.lacasadelbacallamanresa.es\/wp-content\/uploads\/2022\/12\/1918-09-3.Manresa.Baltasar-Cornet-Centellas-729x1024.jpg\" alt=\"\" class=\"wp-image-105\" srcset=\"http:\/\/www.lacasadelbacallamanresa.es\/wp-content\/uploads\/2022\/12\/1918-09-3.Manresa.Baltasar-Cornet-Centellas-729x1024.jpg 729w, http:\/\/www.lacasadelbacallamanresa.es\/wp-content\/uploads\/2022\/12\/1918-09-3.Manresa.Baltasar-Cornet-Centellas-214x300.jpg 214w, http:\/\/www.lacasadelbacallamanresa.es\/wp-content\/uploads\/2022\/12\/1918-09-3.Manresa.Baltasar-Cornet-Centellas-768x1078.jpg 768w, http:\/\/www.lacasadelbacallamanresa.es\/wp-content\/uploads\/2022\/12\/1918-09-3.Manresa.Baltasar-Cornet-Centellas-1094x1536.jpg 1094w, http:\/\/www.lacasadelbacallamanresa.es\/wp-content\/uploads\/2022\/12\/1918-09-3.Manresa.Baltasar-Cornet-Centellas-1459x2048.jpg 1459w, http:\/\/www.lacasadelbacallamanresa.es\/wp-content\/uploads\/2022\/12\/1918-09-3.Manresa.Baltasar-Cornet-Centellas.jpg 1766w\" sizes=\"auto, (max-width: 729px) 100vw, 729px\" \/><figcaption class=\"wp-element-caption\">El document m\u00e9s antic que parla de la botiga \u00e9s l&#8217;esquela de Baltasar Cornet Centellas, \u00abcasa mortu\u00f2ria Sant Miquel, 12 (tenda de pesca salada)\u00bb, cedida per Rosalia Cornet vda. Fortuny. <\/figcaption><\/figure>\n\n\n\n<p>L&#8217;Agust\u00ed i l&#8217;Isidre, tal com explic\u00e0vem, ja tenien un negoci cada un de pesca salada, \u00e9s per aix\u00f2 que van oferir a la seva cosina Serafina Bov\u00e9 Salat i al seu esp\u00f2s Salvador Fontanet Morera si volien agafar les regnes de la botiga. Aix\u00ed doncs, els avis, Salvador i Serafina, amb prou feines sabent llegir i escriure van reobrir les portes de<strong> La Casa del Bacall\u00e0 el dia 1 de febrer de 1923<\/strong>.<\/p>\n\n\n<div class=\"wp-block-image\">\n<figure class=\"aligncenter size-large\"><img loading=\"lazy\" decoding=\"async\" width=\"1024\" height=\"647\" src=\"http:\/\/www.lacasadelbacallamanresa.es\/wp-content\/uploads\/2022\/12\/1929.-Manresa.Serafina-Bove-SalatSalvador-Fontanet-MoreraRosa-Fontanet-Bove-i-Josep-Fontanet-Bove-9-1024x647.jpg\" alt=\"\" class=\"wp-image-94\" srcset=\"http:\/\/www.lacasadelbacallamanresa.es\/wp-content\/uploads\/2022\/12\/1929.-Manresa.Serafina-Bove-SalatSalvador-Fontanet-MoreraRosa-Fontanet-Bove-i-Josep-Fontanet-Bove-9-1024x647.jpg 1024w, http:\/\/www.lacasadelbacallamanresa.es\/wp-content\/uploads\/2022\/12\/1929.-Manresa.Serafina-Bove-SalatSalvador-Fontanet-MoreraRosa-Fontanet-Bove-i-Josep-Fontanet-Bove-9-300x189.jpg 300w, http:\/\/www.lacasadelbacallamanresa.es\/wp-content\/uploads\/2022\/12\/1929.-Manresa.Serafina-Bove-SalatSalvador-Fontanet-MoreraRosa-Fontanet-Bove-i-Josep-Fontanet-Bove-9-768x485.jpg 768w, http:\/\/www.lacasadelbacallamanresa.es\/wp-content\/uploads\/2022\/12\/1929.-Manresa.Serafina-Bove-SalatSalvador-Fontanet-MoreraRosa-Fontanet-Bove-i-Josep-Fontanet-Bove-9-1536x970.jpg 1536w, http:\/\/www.lacasadelbacallamanresa.es\/wp-content\/uploads\/2022\/12\/1929.-Manresa.Serafina-Bove-SalatSalvador-Fontanet-MoreraRosa-Fontanet-Bove-i-Josep-Fontanet-Bove-9-2048x1293.jpg 2048w\" sizes=\"auto, (max-width: 767px) 89vw, (max-width: 1000px) 54vw, (max-width: 1071px) 543px, 580px\" \/><figcaption class=\"wp-element-caption\"><em>Serafina Bov\u00e9, Salvador Fontanet, i els seus fills, Rosita i Pepito Fontanet Bov\u00e9, 1929. <\/em><\/figcaption><\/figure>\n<\/div>\n\n\n<p>Dels primers anys de la botiga s\u00f3n moltes les an\u00e8cdotes que han anat passant de generaci\u00f3 en generaci\u00f3, algunes alegres, les altres m\u00e9s tristes, an\u00e8cdotes corrents de ve\u00efns i amics del carrer, an\u00e8cdotes dels de casa, que encara avui s\u00f3n motiu de conversa, moment d&#8217;evocar els records d&#8217;uns temps dif\u00edcils, temps que amb gran valentia els nostres avis van saber tirar endavant. <\/p>\n\n\n\n<p>El dia de la setmana que m\u00e9s es treballava en aquell temps era el diumenge. Els van dir que  a la botiga es feia molt calaix, que els diumenges farien 15 duros, \u00e9s a dir, 75 pessetes Salvador Fontanet feia anys que estava delicat de salut, als darrers temps de la seva vida, les regnes del negoci van passar a mans del seu fill Pepito. El 15 de novembre de 1932, moria Salvador Fontanet, a l&#8217;edat de 61 anys. <\/p>\n\n\n\n<div class=\"wp-block-columns is-layout-flex wp-container-core-columns-is-layout-9d6595d7 wp-block-columns-is-layout-flex\">\n<div class=\"wp-block-column is-layout-flow wp-block-column-is-layout-flow\"><div class=\"wp-block-image\">\n<figure class=\"aligncenter size-medium\"><img loading=\"lazy\" decoding=\"async\" width=\"247\" height=\"300\" src=\"http:\/\/www.lacasadelbacallamanresa.es\/wp-content\/uploads\/2022\/12\/1932-11-15.Manresa.Salvador-Fontanet-Morera-2-247x300.jpg\" alt=\"\" class=\"wp-image-104\" srcset=\"http:\/\/www.lacasadelbacallamanresa.es\/wp-content\/uploads\/2022\/12\/1932-11-15.Manresa.Salvador-Fontanet-Morera-2-247x300.jpg 247w, http:\/\/www.lacasadelbacallamanresa.es\/wp-content\/uploads\/2022\/12\/1932-11-15.Manresa.Salvador-Fontanet-Morera-2-843x1024.jpg 843w, http:\/\/www.lacasadelbacallamanresa.es\/wp-content\/uploads\/2022\/12\/1932-11-15.Manresa.Salvador-Fontanet-Morera-2-768x933.jpg 768w, http:\/\/www.lacasadelbacallamanresa.es\/wp-content\/uploads\/2022\/12\/1932-11-15.Manresa.Salvador-Fontanet-Morera-2.jpg 1042w\" sizes=\"auto, (max-width: 247px) 100vw, 247px\" \/><figcaption class=\"wp-element-caption\"><em>Obituari de Salvador Fontanet, publicat al diari Pla de Bages, novembre de 1932.<\/em><\/figcaption><\/figure>\n<\/div><\/div>\n\n\n\n<div class=\"wp-block-column is-layout-flow wp-block-column-is-layout-flow\"><div class=\"wp-block-image\">\n<figure class=\"aligncenter size-medium\"><img loading=\"lazy\" decoding=\"async\" width=\"212\" height=\"300\" src=\"http:\/\/www.lacasadelbacallamanresa.es\/wp-content\/uploads\/2022\/12\/1929-10-30.-Manresa.-Salvador-Fontanet-Serafina-Bove-i-amadeu-Subirana-1-212x300.jpg\" alt=\"\" class=\"wp-image-111\" srcset=\"http:\/\/www.lacasadelbacallamanresa.es\/wp-content\/uploads\/2022\/12\/1929-10-30.-Manresa.-Salvador-Fontanet-Serafina-Bove-i-amadeu-Subirana-1-212x300.jpg 212w, http:\/\/www.lacasadelbacallamanresa.es\/wp-content\/uploads\/2022\/12\/1929-10-30.-Manresa.-Salvador-Fontanet-Serafina-Bove-i-amadeu-Subirana-1-723x1024.jpg 723w, http:\/\/www.lacasadelbacallamanresa.es\/wp-content\/uploads\/2022\/12\/1929-10-30.-Manresa.-Salvador-Fontanet-Serafina-Bove-i-amadeu-Subirana-1-768x1088.jpg 768w, http:\/\/www.lacasadelbacallamanresa.es\/wp-content\/uploads\/2022\/12\/1929-10-30.-Manresa.-Salvador-Fontanet-Serafina-Bove-i-amadeu-Subirana-1.jpg 802w\" sizes=\"auto, (max-width: 212px) 100vw, 212px\" \/><figcaption class=\"wp-element-caption\"><em>Salvador Fontanet i Serafina Bov\u00e9, a finals dels anys 20. <\/em><\/figcaption><\/figure>\n<\/div><\/div>\n<\/div>\n\n\n\n<p>Van comen\u00e7ar els anys 30 i en Pepito que era un jove molt emprenedor va posar-se el \u00abguardapolvos\u00bb (una pe\u00e7a de roba que va portar tota la vida a sobre el traje per tal de no embrutar-se) i va posar-se a maquinar, pensar i repensar quina seria la millor manera de tirar endavant la Pesca Salada. Als volts de 1933 des de l&#8217;Espelt (\u00d2dena, l&#8217;Anoia) va traslladar-se a Manresa, a treballar a la botiga, Ventura Fontanet, una cosina. En aquest mateix any en Pepito va encomanar al fuster Edudald Cots una talla d&#8217;un bacall\u00e0 que a dia d&#8217;avui encara est\u00e0 penjada a la botiga i \u00e9s motiu de moltes converses. <\/p>\n\n\n\n<div class=\"wp-block-columns is-layout-flex wp-container-core-columns-is-layout-9d6595d7 wp-block-columns-is-layout-flex\">\n<div class=\"wp-block-column is-vertically-aligned-center is-layout-flow wp-block-column-is-layout-flow\">\n<div class=\"wp-block-group\"><div class=\"wp-block-group__inner-container is-layout-constrained wp-block-group-is-layout-constrained\">\n<figure class=\"wp-block-image size-large\"><img loading=\"lazy\" decoding=\"async\" width=\"692\" height=\"1024\" src=\"http:\/\/www.lacasadelbacallamanresa.es\/wp-content\/uploads\/2022\/12\/1933.-Manresa.-Pesca-Salada-de-la-Sra.-Vda.-de-S.-Fontanet.-Josep-Fontanet-Bove-i-Ventura-Fontanet-Copons.-2..-692x1024.jpg\" alt=\"\" class=\"wp-image-130\" srcset=\"http:\/\/www.lacasadelbacallamanresa.es\/wp-content\/uploads\/2022\/12\/1933.-Manresa.-Pesca-Salada-de-la-Sra.-Vda.-de-S.-Fontanet.-Josep-Fontanet-Bove-i-Ventura-Fontanet-Copons.-2..-692x1024.jpg 692w, http:\/\/www.lacasadelbacallamanresa.es\/wp-content\/uploads\/2022\/12\/1933.-Manresa.-Pesca-Salada-de-la-Sra.-Vda.-de-S.-Fontanet.-Josep-Fontanet-Bove-i-Ventura-Fontanet-Copons.-2..-203x300.jpg 203w, http:\/\/www.lacasadelbacallamanresa.es\/wp-content\/uploads\/2022\/12\/1933.-Manresa.-Pesca-Salada-de-la-Sra.-Vda.-de-S.-Fontanet.-Josep-Fontanet-Bove-i-Ventura-Fontanet-Copons.-2..-768x1137.jpg 768w, http:\/\/www.lacasadelbacallamanresa.es\/wp-content\/uploads\/2022\/12\/1933.-Manresa.-Pesca-Salada-de-la-Sra.-Vda.-de-S.-Fontanet.-Josep-Fontanet-Bove-i-Ventura-Fontanet-Copons.-2..-1037x1536.jpg 1037w, http:\/\/www.lacasadelbacallamanresa.es\/wp-content\/uploads\/2022\/12\/1933.-Manresa.-Pesca-Salada-de-la-Sra.-Vda.-de-S.-Fontanet.-Josep-Fontanet-Bove-i-Ventura-Fontanet-Copons.-2..-1383x2048.jpg 1383w, http:\/\/www.lacasadelbacallamanresa.es\/wp-content\/uploads\/2022\/12\/1933.-Manresa.-Pesca-Salada-de-la-Sra.-Vda.-de-S.-Fontanet.-Josep-Fontanet-Bove-i-Ventura-Fontanet-Copons.-2..-scaled.jpg 1729w\" sizes=\"auto, (max-width: 692px) 100vw, 692px\" \/><figcaption class=\"wp-element-caption\"><em>Pepito Fontanet Bov\u00e9 amb la seva cosina Ventura Fontanet Copons<\/em> a l&#8217;entrada de la botiga, 1933.<\/figcaption><\/figure>\n<\/div><\/div>\n<\/div>\n\n\n\n<div class=\"wp-block-column is-layout-flow wp-block-column-is-layout-flow\">\n<div class=\"wp-block-group\"><div class=\"wp-block-group__inner-container is-layout-constrained wp-block-group-is-layout-constrained\"><div class=\"wp-block-image\">\n<figure class=\"aligncenter size-large is-resized\"><img loading=\"lazy\" decoding=\"async\" src=\"http:\/\/www.lacasadelbacallamanresa.es\/wp-content\/uploads\/2022\/12\/1933.-Manresa.-Pesca-Salada-de-la-Sra.-Vda.-de-S.-Fontanet.-Josep-Fontanet-Bove-i-Ventura-Fontanet-Copons..-661x1024.jpg\" alt=\"\" class=\"wp-image-131\" width=\"307\" height=\"475\" srcset=\"http:\/\/www.lacasadelbacallamanresa.es\/wp-content\/uploads\/2022\/12\/1933.-Manresa.-Pesca-Salada-de-la-Sra.-Vda.-de-S.-Fontanet.-Josep-Fontanet-Bove-i-Ventura-Fontanet-Copons..-661x1024.jpg 661w, http:\/\/www.lacasadelbacallamanresa.es\/wp-content\/uploads\/2022\/12\/1933.-Manresa.-Pesca-Salada-de-la-Sra.-Vda.-de-S.-Fontanet.-Josep-Fontanet-Bove-i-Ventura-Fontanet-Copons..-194x300.jpg 194w, http:\/\/www.lacasadelbacallamanresa.es\/wp-content\/uploads\/2022\/12\/1933.-Manresa.-Pesca-Salada-de-la-Sra.-Vda.-de-S.-Fontanet.-Josep-Fontanet-Bove-i-Ventura-Fontanet-Copons..-768x1190.jpg 768w, http:\/\/www.lacasadelbacallamanresa.es\/wp-content\/uploads\/2022\/12\/1933.-Manresa.-Pesca-Salada-de-la-Sra.-Vda.-de-S.-Fontanet.-Josep-Fontanet-Bove-i-Ventura-Fontanet-Copons..-991x1536.jpg 991w, http:\/\/www.lacasadelbacallamanresa.es\/wp-content\/uploads\/2022\/12\/1933.-Manresa.-Pesca-Salada-de-la-Sra.-Vda.-de-S.-Fontanet.-Josep-Fontanet-Bove-i-Ventura-Fontanet-Copons..-1321x2048.jpg 1321w, http:\/\/www.lacasadelbacallamanresa.es\/wp-content\/uploads\/2022\/12\/1933.-Manresa.-Pesca-Salada-de-la-Sra.-Vda.-de-S.-Fontanet.-Josep-Fontanet-Bove-i-Ventura-Fontanet-Copons..-scaled.jpg 1652w\" sizes=\"auto, (max-width: 307px) 100vw, 307px\" \/><figcaption class=\"wp-element-caption\"><em>Pepito Fontanet Bov\u00e9 amb la seva cosina Ventura Fontanet Copons<\/em> a l&#8217;entrada de la botiga, a la part superior el bacall\u00e0 de fusta i un cartell que porta \u00abLa Casa del Bacall\u00e0\u00bb. <\/figcaption><\/figure>\n<\/div><\/div><\/div>\n<\/div>\n<\/div>\n\n\n\n<p>Aviat van arribar uns temps dif\u00edcils, els temps de la Guerra Civil, en Pepito va haver d&#8217;anar al Front i les dones de casa es van fer c\u00e0rrec de la botiga, van ser temps de molta mis\u00e8ria, d&#8217;escassetat dels productes, temps de reinventar-se, aquest temps dif\u00edcil es va perllongar incl\u00fas als primers anys del franquisme. <\/p>\n\n\n\n<p>A l&#8217;acabar la Guerra, en Pepito va casar-se amb Rosita Fontanet Copons, el 6 d&#8217;agost de 1939. Del matrimoni en nasqueren dos fills: la Montserrat i el Jaume.<\/p>\n\n\n\n<p>La Montserrat des dels 7 anys ja corria per la botiga, venent arengades els dissabtes. Als 12 anys va comen\u00e7ar a compaginar els estudis amb la feina de bacallanera. <\/p>\n\n\n\n<p>La venta al llarg dels anys ha anat canviant molt\u00edssim, als inicis de la botiga es venia bacall\u00e0, gra, arengades (amb \u00abcascos\u00bb de 1.000 i ara s\u00f3n de 50) i tamb\u00e9 productes ben extranys com cristall i terra d&#8217;escudella, que servien per netejar. A partir dels anys 50 vam comen\u00e7ar a vendre bacall\u00e0 esqueixat, va ser una mica escandal\u00f3s per les ments m\u00e9s tradicionals de l&#8217;\u00e8poca, la gent es quedava bacall\u00e0 amb espines, i se l&#8217;arreglava a casa. A la mateixa \u00e8poca vam fer les primeres reformes a la botiga.<\/p>\n\n\n\n<figure class=\"wp-block-image size-large\"><img loading=\"lazy\" decoding=\"async\" width=\"1024\" height=\"780\" src=\"http:\/\/www.lacasadelbacallamanresa.es\/wp-content\/uploads\/2022\/12\/IMG_3412-1024x780.jpg\" alt=\"\" class=\"wp-image-144\" srcset=\"http:\/\/www.lacasadelbacallamanresa.es\/wp-content\/uploads\/2022\/12\/IMG_3412-1024x780.jpg 1024w, http:\/\/www.lacasadelbacallamanresa.es\/wp-content\/uploads\/2022\/12\/IMG_3412-300x228.jpg 300w, http:\/\/www.lacasadelbacallamanresa.es\/wp-content\/uploads\/2022\/12\/IMG_3412-768x585.jpg 768w, http:\/\/www.lacasadelbacallamanresa.es\/wp-content\/uploads\/2022\/12\/IMG_3412-1536x1169.jpg 1536w, http:\/\/www.lacasadelbacallamanresa.es\/wp-content\/uploads\/2022\/12\/IMG_3412-2048x1559.jpg 2048w\" sizes=\"auto, (max-width: 767px) 89vw, (max-width: 1000px) 54vw, (max-width: 1071px) 543px, 580px\" \/><figcaption class=\"wp-element-caption\"><em>Pepito Fontanet, als anys 60, a la imatge podem veure la porta de l&#8217;obrador i el taulell i alguns dels productes que es venien: conserves, filets, puntes, cues i bosses d&#8217;esqueixat.<\/em><\/figcaption><\/figure>\n\n\n\n<p>L&#8217;Elisenda Sitjes, filla de Montserrat, seguint els passos de la seva mare, des de la dol\u00e7a inf\u00e0ncia tamb\u00e9 va comen\u00e7ar a aprendre l&#8217;ofici.  <\/p>\n\n\n\n<p>El 1991 vam tornar a fer reformes a la botiga i la vam innagurar amb alegria amb els ve\u00efns, clients i amics de la botiga. Des de llavors vam comen\u00e7ar a vendre brandada de bacall\u00e0, el primer plat cuinat.<\/p>\n\n\n\n<div class=\"wp-block-columns is-layout-flex wp-container-core-columns-is-layout-9d6595d7 wp-block-columns-is-layout-flex\">\n<div class=\"wp-block-column is-layout-flow wp-block-column-is-layout-flow\">\n<figure class=\"wp-block-image size-large\"><img loading=\"lazy\" decoding=\"async\" width=\"908\" height=\"1240\" src=\"http:\/\/www.lacasadelbacallamanresa.es\/wp-content\/uploads\/2022\/12\/1991-02-01.-Manresa.Josep-Fontanet-Bove\u2560u-edited.jpg\" alt=\"\" class=\"wp-image-145\" srcset=\"http:\/\/www.lacasadelbacallamanresa.es\/wp-content\/uploads\/2022\/12\/1991-02-01.-Manresa.Josep-Fontanet-Bove\u2560u-edited.jpg 908w, http:\/\/www.lacasadelbacallamanresa.es\/wp-content\/uploads\/2022\/12\/1991-02-01.-Manresa.Josep-Fontanet-Bove\u2560u-edited-220x300.jpg 220w, http:\/\/www.lacasadelbacallamanresa.es\/wp-content\/uploads\/2022\/12\/1991-02-01.-Manresa.Josep-Fontanet-Bove\u2560u-edited-750x1024.jpg 750w, http:\/\/www.lacasadelbacallamanresa.es\/wp-content\/uploads\/2022\/12\/1991-02-01.-Manresa.Josep-Fontanet-Bove\u2560u-edited-768x1049.jpg 768w\" sizes=\"auto, (max-width: 767px) 89vw, (max-width: 1000px) 54vw, (max-width: 1071px) 543px, 580px\" \/><figcaption class=\"wp-element-caption\"><em>Pepito Fontanet, darrera<\/em> <em>seu el bacall\u00e0 de fusta de l&#8217;any 1933. <\/em><\/figcaption><\/figure>\n<\/div>\n\n\n\n<div class=\"wp-block-column is-layout-flow wp-block-column-is-layout-flow\">\n<figure class=\"wp-block-image size-large\"><img loading=\"lazy\" decoding=\"async\" width=\"1024\" height=\"715\" src=\"http:\/\/www.lacasadelbacallamanresa.es\/wp-content\/uploads\/2022\/12\/IMG_3408-1024x715.jpg\" alt=\"\" class=\"wp-image-141\" srcset=\"http:\/\/www.lacasadelbacallamanresa.es\/wp-content\/uploads\/2022\/12\/IMG_3408-1024x715.jpg 1024w, http:\/\/www.lacasadelbacallamanresa.es\/wp-content\/uploads\/2022\/12\/IMG_3408-300x209.jpg 300w, http:\/\/www.lacasadelbacallamanresa.es\/wp-content\/uploads\/2022\/12\/IMG_3408-768x536.jpg 768w, http:\/\/www.lacasadelbacallamanresa.es\/wp-content\/uploads\/2022\/12\/IMG_3408-1536x1072.jpg 1536w, http:\/\/www.lacasadelbacallamanresa.es\/wp-content\/uploads\/2022\/12\/IMG_3408-2048x1430.jpg 2048w\" sizes=\"auto, (max-width: 767px) 89vw, (max-width: 1000px) 54vw, (max-width: 1071px) 543px, 580px\" \/><figcaption class=\"wp-element-caption\"><em>Pepito Fontanet i la seva esposa, Rosita Fontanet.<\/em><\/figcaption><\/figure>\n\n\n\n<figure class=\"wp-block-image size-large\"><img loading=\"lazy\" decoding=\"async\" width=\"1024\" height=\"689\" src=\"http:\/\/www.lacasadelbacallamanresa.es\/wp-content\/uploads\/2022\/12\/IMG_3407-1024x689.jpg\" alt=\"\" class=\"wp-image-142\" srcset=\"http:\/\/www.lacasadelbacallamanresa.es\/wp-content\/uploads\/2022\/12\/IMG_3407-1024x689.jpg 1024w, http:\/\/www.lacasadelbacallamanresa.es\/wp-content\/uploads\/2022\/12\/IMG_3407-300x202.jpg 300w, http:\/\/www.lacasadelbacallamanresa.es\/wp-content\/uploads\/2022\/12\/IMG_3407-768x517.jpg 768w, http:\/\/www.lacasadelbacallamanresa.es\/wp-content\/uploads\/2022\/12\/IMG_3407-1536x1033.jpg 1536w, http:\/\/www.lacasadelbacallamanresa.es\/wp-content\/uploads\/2022\/12\/IMG_3407-2048x1378.jpg 2048w\" sizes=\"auto, (max-width: 767px) 89vw, (max-width: 1000px) 54vw, (max-width: 1071px) 543px, 580px\" \/><figcaption class=\"wp-element-caption\"><em>Elisenda Sitjes<\/em>.<\/figcaption><\/figure>\n<\/div>\n<\/div>\n\n\n\n<p>Despr\u00e9s de 63 anys tallant bacall\u00e0, el Pepito, va morir l&#8217;any 1993. La Montserrat i l&#8217;Elisenda van obrir el nou segle, un segle de molts canvis, de grans superf\u00edcies, La Casa del Bacall\u00e0 ens vam desmarcar cuidant d&#8217;una manera molt especial la qualitat del nostre producte i el tracte amb els nostres clients.<\/p>\n\n\n\n<p>Des de la mort del Pepito els temps han canviat molt, sovint diem: \u00absi l&#8217;avi vei\u00e9s com tallem el bacall\u00e0 i la pila de plats cuinats que fem, no s\u00e9 pas quina cara i posaria, per\u00f2 segur que estaria molt content\u00bb. Cada vegada hem anat ampliant m\u00e9s i m\u00e9s la gamma de plats cuinats, bunyols, bacall\u00e0 amb samf\u00e0ina, a la llauna, amb bolets, amb romesco, croquetes, prebrots \u00abdel piquillo\u00bb amb brandada, xat\u00f3, esqueixades, canap\u00e8s&#8230; i molts m\u00e9s. <\/p>\n\n\n\n<p>El dia 1 de febrer de 2013 celebr\u00e0vem els 90 anys de la botiga, en una emotiva trobada on hi van assistir 4 generacions de la fam\u00edlia. <\/p>\n\n\n\n<figure class=\"wp-block-image size-large\"><img loading=\"lazy\" decoding=\"async\" width=\"1024\" height=\"683\" src=\"http:\/\/www.lacasadelbacallamanresa.es\/wp-content\/uploads\/2022\/12\/mireiaarso_20130201_203443-1024x683.jpg\" alt=\"\" class=\"wp-image-176\" srcset=\"http:\/\/www.lacasadelbacallamanresa.es\/wp-content\/uploads\/2022\/12\/mireiaarso_20130201_203443-1024x683.jpg 1024w, http:\/\/www.lacasadelbacallamanresa.es\/wp-content\/uploads\/2022\/12\/mireiaarso_20130201_203443-300x200.jpg 300w, http:\/\/www.lacasadelbacallamanresa.es\/wp-content\/uploads\/2022\/12\/mireiaarso_20130201_203443-768x512.jpg 768w, http:\/\/www.lacasadelbacallamanresa.es\/wp-content\/uploads\/2022\/12\/mireiaarso_20130201_203443-1536x1024.jpg 1536w, http:\/\/www.lacasadelbacallamanresa.es\/wp-content\/uploads\/2022\/12\/mireiaarso_20130201_203443-2048x1365.jpg 2048w\" sizes=\"auto, (max-width: 767px) 89vw, (max-width: 1000px) 54vw, (max-width: 1071px) 543px, 580px\" \/><figcaption class=\"wp-element-caption\"><em>Montserrat Fontanet acompanyada de la seva mare Rosita Fontanet vda. Fontanet i la seva filla, Elisenda Sitjes.<\/em><\/figcaption><\/figure>\n\n\n\n<p>En aquests darrers anys hem viscut esdeveniments que s&#8217;han convertit en hist\u00f2rics per nosaltres, com ara apar\u00e8ixer en el programa de TV3, <em>Divendres<\/em>, amb Espartac Peran i l&#8217;\u00e0via Remei, el dia 16 de febrer de 2016. <\/p>\n\n\n\n<figure class=\"wp-block-image size-large\"><img loading=\"lazy\" decoding=\"async\" width=\"1024\" height=\"768\" src=\"http:\/\/www.lacasadelbacallamanresa.es\/wp-content\/uploads\/2022\/12\/IMG_2444-1024x768.jpg\" alt=\"\" class=\"wp-image-184\" srcset=\"http:\/\/www.lacasadelbacallamanresa.es\/wp-content\/uploads\/2022\/12\/IMG_2444-1024x768.jpg 1024w, http:\/\/www.lacasadelbacallamanresa.es\/wp-content\/uploads\/2022\/12\/IMG_2444-300x225.jpg 300w, http:\/\/www.lacasadelbacallamanresa.es\/wp-content\/uploads\/2022\/12\/IMG_2444-768x576.jpg 768w, http:\/\/www.lacasadelbacallamanresa.es\/wp-content\/uploads\/2022\/12\/IMG_2444-1536x1152.jpg 1536w, http:\/\/www.lacasadelbacallamanresa.es\/wp-content\/uploads\/2022\/12\/IMG_2444-2048x1536.jpg 2048w\" sizes=\"auto, (max-width: 767px) 89vw, (max-width: 1000px) 54vw, (max-width: 1071px) 543px, 580px\" \/><figcaption class=\"wp-element-caption\"><em>Montserrat Fontanet, Elisenda Sitjes i Miquel Ventura amb l&#8217;\u00e0via Remei i Espartac Peran, 2016.<\/em><\/figcaption><\/figure>\n\n\n\n<p>Hem rebut d&#8217;altres visites, com la de la S\u00edlvia Abril, en el programa de RTVE<em>, La recepta perduda<\/em>, on van venir a comprar el bacall\u00e0 per fer <strong>Bacall\u00e0 a la Manresana<\/strong> seguint la recepta del cuiner manres\u00e0 Ignasi Dom\u00e8nech (1874-1956), autor del llibre <em>La Teca.<\/em>  <\/p>\n\n\n\n<div class=\"wp-block-columns is-layout-flex wp-container-core-columns-is-layout-9d6595d7 wp-block-columns-is-layout-flex\">\n<div class=\"wp-block-column is-layout-flow wp-block-column-is-layout-flow\">\n<figure class=\"wp-block-image size-large\"><img loading=\"lazy\" decoding=\"async\" width=\"1024\" height=\"576\" src=\"http:\/\/www.lacasadelbacallamanresa.es\/wp-content\/uploads\/2022\/12\/Sin-titulo-mama-2-1024x576.jpg\" alt=\"\" class=\"wp-image-178\" srcset=\"http:\/\/www.lacasadelbacallamanresa.es\/wp-content\/uploads\/2022\/12\/Sin-titulo-mama-2-1024x576.jpg 1024w, http:\/\/www.lacasadelbacallamanresa.es\/wp-content\/uploads\/2022\/12\/Sin-titulo-mama-2-300x169.jpg 300w, http:\/\/www.lacasadelbacallamanresa.es\/wp-content\/uploads\/2022\/12\/Sin-titulo-mama-2-768x432.jpg 768w, http:\/\/www.lacasadelbacallamanresa.es\/wp-content\/uploads\/2022\/12\/Sin-titulo-mama-2-1536x864.jpg 1536w, http:\/\/www.lacasadelbacallamanresa.es\/wp-content\/uploads\/2022\/12\/Sin-titulo-mama-2.jpg 1920w\" sizes=\"auto, (max-width: 767px) 89vw, (max-width: 1000px) 54vw, (max-width: 1071px) 543px, 580px\" \/><\/figure>\n<\/div>\n\n\n\n<div class=\"wp-block-column is-layout-flow wp-block-column-is-layout-flow\">\n<figure class=\"wp-block-image size-large\"><img loading=\"lazy\" decoding=\"async\" width=\"1024\" height=\"576\" src=\"http:\/\/www.lacasadelbacallamanresa.es\/wp-content\/uploads\/2022\/12\/Sin-titulo-1024x576.jpg\" alt=\"\" class=\"wp-image-179\" srcset=\"http:\/\/www.lacasadelbacallamanresa.es\/wp-content\/uploads\/2022\/12\/Sin-titulo-1024x576.jpg 1024w, http:\/\/www.lacasadelbacallamanresa.es\/wp-content\/uploads\/2022\/12\/Sin-titulo-300x169.jpg 300w, http:\/\/www.lacasadelbacallamanresa.es\/wp-content\/uploads\/2022\/12\/Sin-titulo-768x432.jpg 768w, http:\/\/www.lacasadelbacallamanresa.es\/wp-content\/uploads\/2022\/12\/Sin-titulo-1536x864.jpg 1536w, http:\/\/www.lacasadelbacallamanresa.es\/wp-content\/uploads\/2022\/12\/Sin-titulo.jpg 1920w\" sizes=\"auto, (max-width: 767px) 89vw, (max-width: 1000px) 54vw, (max-width: 1071px) 543px, 580px\" \/><\/figure>\n<\/div>\n\n\n\n<div class=\"wp-block-column is-layout-flow wp-block-column-is-layout-flow\">\n<figure class=\"wp-block-image size-large\"><img loading=\"lazy\" decoding=\"async\" width=\"1024\" height=\"576\" src=\"http:\/\/www.lacasadelbacallamanresa.es\/wp-content\/uploads\/2022\/12\/Sin-titulo-silvia-abril-1024x576.jpg\" alt=\"\" class=\"wp-image-180\" srcset=\"http:\/\/www.lacasadelbacallamanresa.es\/wp-content\/uploads\/2022\/12\/Sin-titulo-silvia-abril-1024x576.jpg 1024w, http:\/\/www.lacasadelbacallamanresa.es\/wp-content\/uploads\/2022\/12\/Sin-titulo-silvia-abril-300x169.jpg 300w, http:\/\/www.lacasadelbacallamanresa.es\/wp-content\/uploads\/2022\/12\/Sin-titulo-silvia-abril-768x432.jpg 768w, http:\/\/www.lacasadelbacallamanresa.es\/wp-content\/uploads\/2022\/12\/Sin-titulo-silvia-abril-1536x864.jpg 1536w, http:\/\/www.lacasadelbacallamanresa.es\/wp-content\/uploads\/2022\/12\/Sin-titulo-silvia-abril.jpg 1920w\" sizes=\"auto, (max-width: 767px) 89vw, (max-width: 1000px) 54vw, (max-width: 1071px) 543px, 580px\" \/><\/figure>\n<\/div>\n<\/div>\n\n\n\n<div class=\"wp-block-columns is-layout-flex wp-container-core-columns-is-layout-9d6595d7 wp-block-columns-is-layout-flex\">\n<div class=\"wp-block-column is-layout-flow wp-block-column-is-layout-flow\">\n<figure class=\"wp-block-image size-full\"><img loading=\"lazy\" decoding=\"async\" width=\"900\" height=\"507\" src=\"http:\/\/www.lacasadelbacallamanresa.es\/wp-content\/uploads\/2022\/12\/descarga-1.jpeg\" alt=\"\" class=\"wp-image-182\" srcset=\"http:\/\/www.lacasadelbacallamanresa.es\/wp-content\/uploads\/2022\/12\/descarga-1.jpeg 900w, http:\/\/www.lacasadelbacallamanresa.es\/wp-content\/uploads\/2022\/12\/descarga-1-300x169.jpeg 300w, http:\/\/www.lacasadelbacallamanresa.es\/wp-content\/uploads\/2022\/12\/descarga-1-768x433.jpeg 768w\" sizes=\"auto, (max-width: 767px) 89vw, (max-width: 1000px) 54vw, (max-width: 1071px) 543px, 580px\" \/><\/figure>\n<\/div>\n\n\n\n<div class=\"wp-block-column is-layout-flow wp-block-column-is-layout-flow\">\n<figure class=\"wp-block-image size-full\"><img loading=\"lazy\" decoding=\"async\" width=\"900\" height=\"507\" src=\"http:\/\/www.lacasadelbacallamanresa.es\/wp-content\/uploads\/2022\/12\/descarga-1-1.jpeg\" alt=\"\" class=\"wp-image-183\" srcset=\"http:\/\/www.lacasadelbacallamanresa.es\/wp-content\/uploads\/2022\/12\/descarga-1-1.jpeg 900w, http:\/\/www.lacasadelbacallamanresa.es\/wp-content\/uploads\/2022\/12\/descarga-1-1-300x169.jpeg 300w, http:\/\/www.lacasadelbacallamanresa.es\/wp-content\/uploads\/2022\/12\/descarga-1-1-768x433.jpeg 768w\" sizes=\"auto, (max-width: 767px) 89vw, (max-width: 1000px) 54vw, (max-width: 1071px) 543px, 580px\" \/><\/figure>\n<\/div>\n<\/div>\n\n\n\n<div class=\"wp-block-columns is-layout-flex wp-container-core-columns-is-layout-9d6595d7 wp-block-columns-is-layout-flex\">\n<div class=\"wp-block-column is-layout-flow wp-block-column-is-layout-flow\">\n<div class=\"wp-block-columns is-layout-flex wp-container-core-columns-is-layout-9d6595d7 wp-block-columns-is-layout-flex\">\n<div class=\"wp-block-column is-layout-flow wp-block-column-is-layout-flow\" style=\"flex-basis:33.33%\">\n<p>El fill gran de l&#8217;Elisenda, el Miquel, \u00e9s historiador, graduat en Hist\u00f2ria a la UAB, des de ben petit apassionat per la hist\u00f2ria familiar. A ell es deu aquestes ratlles, i tota la investigaci\u00f3 pr\u00e8via que ha perm\u00e8s posar negre sobre blanc a la nostra hist\u00f2ria. Les seves recerques van permetre que l&#8217;any 2018 publiquessin al <em>Regi\u00f3 7<\/em> una ressenya dels or\u00edgens del nostre negoci, que es pot consultar en l\u00ednia.<\/p>\n<\/div>\n\n\n\n<div class=\"wp-block-column is-layout-flow wp-block-column-is-layout-flow\" style=\"flex-basis:66.66%\">\n<figure class=\"wp-block-image size-large\"><img loading=\"lazy\" decoding=\"async\" width=\"814\" height=\"1024\" src=\"http:\/\/www.lacasadelbacallamanresa.es\/wp-content\/uploads\/2022\/12\/DT5dl17WAAAH79d-1-814x1024.jpeg\" alt=\"\" class=\"wp-image-188\" srcset=\"http:\/\/www.lacasadelbacallamanresa.es\/wp-content\/uploads\/2022\/12\/DT5dl17WAAAH79d-1-814x1024.jpeg 814w, http:\/\/www.lacasadelbacallamanresa.es\/wp-content\/uploads\/2022\/12\/DT5dl17WAAAH79d-1-238x300.jpeg 238w, http:\/\/www.lacasadelbacallamanresa.es\/wp-content\/uploads\/2022\/12\/DT5dl17WAAAH79d-1-768x967.jpeg 768w, http:\/\/www.lacasadelbacallamanresa.es\/wp-content\/uploads\/2022\/12\/DT5dl17WAAAH79d-1.jpeg 1164w\" sizes=\"auto, (max-width: 767px) 89vw, (max-width: 1000px) 54vw, (max-width: 1071px) 543px, 580px\" \/><\/figure>\n<\/div>\n<\/div>\n<\/div>\n<\/div>\n\n\n\n<div class=\"wp-block-columns is-layout-flex wp-container-core-columns-is-layout-9d6595d7 wp-block-columns-is-layout-flex\">\n<div class=\"wp-block-column is-layout-flow wp-block-column-is-layout-flow\">\n<div class=\"wp-block-columns is-layout-flex wp-container-core-columns-is-layout-9d6595d7 wp-block-columns-is-layout-flex\">\n<div class=\"wp-block-column is-layout-flow wp-block-column-is-layout-flow\" style=\"flex-basis:66.66%\">\n<figure class=\"wp-block-image size-large\"><img loading=\"lazy\" decoding=\"async\" width=\"1024\" height=\"683\" src=\"http:\/\/www.lacasadelbacallamanresa.es\/wp-content\/uploads\/2022\/12\/1200_1607095085elisenda_sitges_i_montserrat_fontanet-1-1024x683.jpg\" alt=\"\" class=\"wp-image-187\" srcset=\"http:\/\/www.lacasadelbacallamanresa.es\/wp-content\/uploads\/2022\/12\/1200_1607095085elisenda_sitges_i_montserrat_fontanet-1-1024x683.jpg 1024w, http:\/\/www.lacasadelbacallamanresa.es\/wp-content\/uploads\/2022\/12\/1200_1607095085elisenda_sitges_i_montserrat_fontanet-1-300x200.jpg 300w, http:\/\/www.lacasadelbacallamanresa.es\/wp-content\/uploads\/2022\/12\/1200_1607095085elisenda_sitges_i_montserrat_fontanet-1-768x512.jpg 768w, http:\/\/www.lacasadelbacallamanresa.es\/wp-content\/uploads\/2022\/12\/1200_1607095085elisenda_sitges_i_montserrat_fontanet-1.jpg 1200w\" sizes=\"auto, (max-width: 767px) 89vw, (max-width: 1000px) 54vw, (max-width: 1071px) 543px, 580px\" \/><figcaption class=\"wp-element-caption\"><em>Elisenda Sitjes amb la seva mare, Montserrat Fontanet, rere el taulell. Foto: Francesc Rub\u00ed.<\/em><\/figcaption><\/figure>\n<\/div>\n\n\n\n<div class=\"wp-block-column is-layout-flow wp-block-column-is-layout-flow\" style=\"flex-basis:33.33%\">\n<p>L&#8217;any 2020 el Pou de la Gallina tamb\u00e9 va fer una petita ressenya de les botigues amb hist\u00f2ria de Manresa, on la Casa del Bacall\u00e0 tamb\u00e9 va tenir el seu petit espai.<\/p>\n<\/div>\n<\/div>\n<\/div>\n<\/div>\n\n\n\n<p>Al Miquel, sempre li ha agradat molt la botiga i el tracte amb els clients. Des de 2022 treballa amb l&#8217;Elisenda, colze amb colze per seguir tirant endavant el negoci de salaons.  <\/p>\n","protected":false},"excerpt":{"rendered":"<p>Cinc generacions tallant bacall\u00e0 al Carrer Sant Miquel La Casa del Bacall\u00e0 ha anat creixent amb Manresa i poc a poc modernitzant-se sense perdre mai de vista el valor pel tradicional i pels detalls. Fa m\u00e9s de 100 anys que la mateixa fam\u00edlia pugem la persiana d&#8217;aquest petit establiment comercial. Vam obrir les portes l&#8217;any &hellip; <\/p>\n<p class=\"link-more\"><a href=\"http:\/\/www.lacasadelbacallamanresa.es\/?page_id=60\" class=\"more-link\">Continuar leyendo<span class=\"screen-reader-text\"> \u00abLa nostra hist\u00f2ria\u00bb<\/span><\/a><\/p>\n","protected":false},"author":1,"featured_media":0,"parent":0,"menu_order":0,"comment_status":"closed","ping_status":"closed","template":"","meta":{"footnotes":""},"class_list":["post-60","page","type-page","status-publish","hentry"],"_links":{"self":[{"href":"http:\/\/www.lacasadelbacallamanresa.es\/index.php?rest_route=\/wp\/v2\/pages\/60","targetHints":{"allow":["GET"]}}],"collection":[{"href":"http:\/\/www.lacasadelbacallamanresa.es\/index.php?rest_route=\/wp\/v2\/pages"}],"about":[{"href":"http:\/\/www.lacasadelbacallamanresa.es\/index.php?rest_route=\/wp\/v2\/types\/page"}],"author":[{"embeddable":true,"href":"http:\/\/www.lacasadelbacallamanresa.es\/index.php?rest_route=\/wp\/v2\/users\/1"}],"replies":[{"embeddable":true,"href":"http:\/\/www.lacasadelbacallamanresa.es\/index.php?rest_route=%2Fwp%2Fv2%2Fcomments&post=60"}],"version-history":[{"count":24,"href":"http:\/\/www.lacasadelbacallamanresa.es\/index.php?rest_route=\/wp\/v2\/pages\/60\/revisions"}],"predecessor-version":[{"id":211,"href":"http:\/\/www.lacasadelbacallamanresa.es\/index.php?rest_route=\/wp\/v2\/pages\/60\/revisions\/211"}],"wp:attachment":[{"href":"http:\/\/www.lacasadelbacallamanresa.es\/index.php?rest_route=%2Fwp%2Fv2%2Fmedia&parent=60"}],"curies":[{"name":"wp","href":"https:\/\/api.w.org\/{rel}","templated":true}]}}